{"id":18,"date":"2026-03-16T18:08:06","date_gmt":"2026-03-16T18:08:06","guid":{"rendered":"https:\/\/www.gemarchivio.it\/index.php\/about\/"},"modified":"2026-04-10T21:05:01","modified_gmt":"2026-04-10T21:05:01","slug":"il-progetto","status":"publish","type":"page","link":"https:\/\/www.gemarchivio.it\/index.php\/il-progetto\/","title":{"rendered":"Il progetto"},"content":{"rendered":"\t\t<div data-elementor-type=\"wp-page\" data-elementor-id=\"18\" class=\"elementor elementor-18\">\n\t\t\t\t<div class=\"elementor-element elementor-element-62ebcb04 e-flex e-con-boxed e-con e-parent\" data-id=\"62ebcb04\" data-element_type=\"container\" data-e-type=\"container\">\n\t\t\t\t\t<div class=\"e-con-inner\">\n\t\t<div class=\"elementor-element elementor-element-711e975c e-con-full e-flex e-con e-child\" data-id=\"711e975c\" data-element_type=\"container\" data-e-type=\"container\">\n\t\t<div class=\"elementor-element elementor-element-288a3ce8 e-con-full e-flex e-con e-child\" data-id=\"288a3ce8\" data-element_type=\"container\" data-e-type=\"container\">\n\t\t\t\t<div class=\"elementor-element elementor-element-38a6991c elementor-widget elementor-widget-image\" data-id=\"38a6991c\" data-element_type=\"widget\" data-e-type=\"widget\" data-widget_type=\"image.default\">\n\t\t\t\t\t\t\t\t\t\t\t\t\t\t\t<img fetchpriority=\"high\" decoding=\"async\" width=\"800\" height=\"530\" src=\"https:\/\/www.gemarchivio.it\/wp-content\/uploads\/2026\/03\/Render_Archivio_Gem_PAVIA.png-1024x679.png\" class=\"attachment-large size-large wp-image-205\" alt=\"\" srcset=\"https:\/\/www.gemarchivio.it\/wp-content\/uploads\/2026\/03\/Render_Archivio_Gem_PAVIA.png-1024x679.png 1024w, https:\/\/www.gemarchivio.it\/wp-content\/uploads\/2026\/03\/Render_Archivio_Gem_PAVIA.png-300x199.png 300w, https:\/\/www.gemarchivio.it\/wp-content\/uploads\/2026\/03\/Render_Archivio_Gem_PAVIA.png-768x509.png 768w, https:\/\/www.gemarchivio.it\/wp-content\/uploads\/2026\/03\/Render_Archivio_Gem_PAVIA.png-1536x1018.png 1536w, https:\/\/www.gemarchivio.it\/wp-content\/uploads\/2026\/03\/Render_Archivio_Gem_PAVIA.png.png 2048w\" sizes=\"(max-width: 800px) 100vw, 800px\" \/>\t\t\t\t\t\t\t\t\t\t\t\t\t\t\t<\/div>\n\t\t\t\t<div class=\"elementor-element elementor-element-2dc4b529 elementor-widget elementor-widget-image\" data-id=\"2dc4b529\" data-element_type=\"widget\" data-e-type=\"widget\" data-widget_type=\"image.default\">\n\t\t\t\t\t\t\t\t\t\t\t\t\t\t\t<img decoding=\"async\" width=\"800\" height=\"800\" src=\"https:\/\/www.gemarchivio.it\/wp-content\/uploads\/2026\/03\/Gem_Archivio_coworking-1024x1024.png\" class=\"attachment-large size-large wp-image-261\" alt=\"\" srcset=\"https:\/\/www.gemarchivio.it\/wp-content\/uploads\/2026\/03\/Gem_Archivio_coworking-1024x1024.png 1024w, https:\/\/www.gemarchivio.it\/wp-content\/uploads\/2026\/03\/Gem_Archivio_coworking-300x300.png 300w, https:\/\/www.gemarchivio.it\/wp-content\/uploads\/2026\/03\/Gem_Archivio_coworking-150x150.png 150w, https:\/\/www.gemarchivio.it\/wp-content\/uploads\/2026\/03\/Gem_Archivio_coworking-768x768.png 768w, https:\/\/www.gemarchivio.it\/wp-content\/uploads\/2026\/03\/Gem_Archivio_coworking-1536x1536.png 1536w, https:\/\/www.gemarchivio.it\/wp-content\/uploads\/2026\/03\/Gem_Archivio_coworking.png 2000w\" sizes=\"(max-width: 800px) 100vw, 800px\" \/>\t\t\t\t\t\t\t\t\t\t\t\t\t\t\t<\/div>\n\t\t\t\t<\/div>\n\t\t<div class=\"elementor-element elementor-element-587e1414 e-con-full e-flex e-con e-child\" data-id=\"587e1414\" data-element_type=\"container\" data-e-type=\"container\">\n\t\t\t\t<div class=\"elementor-element elementor-element-1bc3b37d elementor-widget elementor-widget-image\" data-id=\"1bc3b37d\" data-element_type=\"widget\" data-e-type=\"widget\" data-widget_type=\"image.default\">\n\t\t\t\t\t\t\t\t\t\t\t\t\t\t\t<img decoding=\"async\" width=\"800\" height=\"777\" src=\"https:\/\/www.gemarchivio.it\/wp-content\/uploads\/2026\/03\/Camillo_Giacomo_DalVerme-1024x994.png\" class=\"attachment-large size-large wp-image-90\" alt=\"\" srcset=\"https:\/\/www.gemarchivio.it\/wp-content\/uploads\/2026\/03\/Camillo_Giacomo_DalVerme-1024x994.png 1024w, https:\/\/www.gemarchivio.it\/wp-content\/uploads\/2026\/03\/Camillo_Giacomo_DalVerme-300x291.png 300w, https:\/\/www.gemarchivio.it\/wp-content\/uploads\/2026\/03\/Camillo_Giacomo_DalVerme-768x746.png 768w, https:\/\/www.gemarchivio.it\/wp-content\/uploads\/2026\/03\/Camillo_Giacomo_DalVerme.png 1526w\" sizes=\"(max-width: 800px) 100vw, 800px\" \/>\t\t\t\t\t\t\t\t\t\t\t\t\t\t\t<\/div>\n\t\t\t\t<div class=\"elementor-element elementor-element-ddb8546 elementor-widget elementor-widget-image\" data-id=\"ddb8546\" data-element_type=\"widget\" data-e-type=\"widget\" data-widget_type=\"image.default\">\n\t\t\t\t\t\t\t\t\t\t\t\t\t\t\t<img loading=\"lazy\" decoding=\"async\" width=\"800\" height=\"621\" src=\"https:\/\/www.gemarchivio.it\/wp-content\/uploads\/2026\/03\/Bertella_Agriturismo_La_Fuga-1024x795.png\" class=\"attachment-large size-large wp-image-290\" alt=\"\" srcset=\"https:\/\/www.gemarchivio.it\/wp-content\/uploads\/2026\/03\/Bertella_Agriturismo_La_Fuga-1024x795.png 1024w, https:\/\/www.gemarchivio.it\/wp-content\/uploads\/2026\/03\/Bertella_Agriturismo_La_Fuga-300x233.png 300w, https:\/\/www.gemarchivio.it\/wp-content\/uploads\/2026\/03\/Bertella_Agriturismo_La_Fuga-768x596.png 768w, https:\/\/www.gemarchivio.it\/wp-content\/uploads\/2026\/03\/Bertella_Agriturismo_La_Fuga-1536x1193.png 1536w, https:\/\/www.gemarchivio.it\/wp-content\/uploads\/2026\/03\/Bertella_Agriturismo_La_Fuga.png 1916w\" sizes=\"(max-width: 800px) 100vw, 800px\" \/>\t\t\t\t\t\t\t\t\t\t\t\t\t\t\t<\/div>\n\t\t\t\t<\/div>\n\t\t\t\t<\/div>\n\t\t<div class=\"elementor-element elementor-element-599d6415 e-con-full e-flex e-con e-child\" data-id=\"599d6415\" data-element_type=\"container\" data-e-type=\"container\">\n\t\t\t\t<div class=\"elementor-element elementor-element-1c7e4618 elementor-widget elementor-widget-heading\" data-id=\"1c7e4618\" data-element_type=\"widget\" data-e-type=\"widget\" data-widget_type=\"heading.default\">\n\t\t\t\t\t<h3 class=\"elementor-heading-title elementor-size-default\">Archivio della GemmAtivit\u00e0<\/h3>\t\t\t\t<\/div>\n\t\t\t\t<div class=\"elementor-element elementor-element-672110fa elementor-widget elementor-widget-text-editor\" data-id=\"672110fa\" data-element_type=\"widget\" data-e-type=\"widget\" data-widget_type=\"text-editor.default\">\n\t\t\t\t\t\t\t\t\t<p data-start=\"492\" data-end=\"761\">Un progetto culturale e sociale nato per raccogliere, custodire e trasmettere le storie, i saperi e le memorie della <strong data-start=\"609\" data-end=\"635\">Lomellina, del Pavese e dell&#8217;Oltrep\u00f2<\/strong>, attraverso video interviste, spazi di incontro e un percorso capace di mettere in dialogo <strong data-start=\"727\" data-end=\"760\">territorio, comunit\u00e0 e futuro<\/strong>.<\/p>\t\t\t\t\t\t\t\t<\/div>\n\t\t\t\t<div class=\"elementor-element elementor-element-532b684 elementor-view-default elementor-widget elementor-widget-icon\" data-id=\"532b684\" data-element_type=\"widget\" data-e-type=\"widget\" data-widget_type=\"icon.default\">\n\t\t\t\t\t\t\t<div class=\"elementor-icon-wrapper\">\n\t\t\t<div class=\"elementor-icon\">\n\t\t\t<svg aria-hidden=\"true\" class=\"e-font-icon-svg e-fas-angle-double-down\" viewBox=\"0 0 320 512\" xmlns=\"http:\/\/www.w3.org\/2000\/svg\"><path d=\"M143 256.3L7 120.3c-9.4-9.4-9.4-24.6 0-33.9l22.6-22.6c9.4-9.4 24.6-9.4 33.9 0l96.4 96.4 96.4-96.4c9.4-9.4 24.6-9.4 33.9 0L313 86.3c9.4 9.4 9.4 24.6 0 33.9l-136 136c-9.4 9.5-24.6 9.5-34 .1zm34 192l136-136c9.4-9.4 9.4-24.6 0-33.9l-22.6-22.6c-9.4-9.4-24.6-9.4-33.9 0L160 352.1l-96.4-96.4c-9.4-9.4-24.6-9.4-33.9 0L7 278.3c-9.4 9.4-9.4 24.6 0 33.9l136 136c9.4 9.5 24.6 9.5 34 .1z\"><\/path><\/svg>\t\t\t<\/div>\n\t\t<\/div>\n\t\t\t\t\t\t<\/div>\n\t\t\t\t<\/div>\n\t\t\t\t\t<\/div>\n\t\t\t\t<\/div>\n\t\t<div class=\"elementor-element elementor-element-1317c08f e-con-full e-flex e-con e-parent\" data-id=\"1317c08f\" data-element_type=\"container\" data-e-type=\"container\" data-settings=\"{&quot;background_background&quot;:&quot;classic&quot;,&quot;shape_divider_top&quot;:&quot;waves&quot;,&quot;shape_divider_bottom&quot;:&quot;wave-brush&quot;}\">\n\t\t\t\t<div class=\"elementor-shape elementor-shape-top\" aria-hidden=\"true\" data-negative=\"false\">\n\t\t\t<svg xmlns=\"http:\/\/www.w3.org\/2000\/svg\" viewBox=\"0 0 1000 100\" preserveAspectRatio=\"none\">\n\t<path class=\"elementor-shape-fill\" d=\"M421.9,6.5c22.6-2.5,51.5,0.4,75.5,5.3c23.6,4.9,70.9,23.5,100.5,35.7c75.8,32.2,133.7,44.5,192.6,49.7\n\tc23.6,2.1,48.7,3.5,103.4-2.5c54.7-6,106.2-25.6,106.2-25.6V0H0v30.3c0,0,72,32.6,158.4,30.5c39.2-0.7,92.8-6.7,134-22.4\n\tc21.2-8.1,52.2-18.2,79.7-24.2C399.3,7.9,411.6,7.5,421.9,6.5z\"\/>\n<\/svg>\t\t<\/div>\n\t\t\t\t<div class=\"elementor-shape elementor-shape-bottom\" aria-hidden=\"true\" data-negative=\"false\">\n\t\t\t<svg xmlns=\"http:\/\/www.w3.org\/2000\/svg\" viewBox=\"0 0 283.5 27.8\" preserveAspectRatio=\"none\">\n\t<path class=\"elementor-shape-fill\" d=\"M283.5,9.7c0,0-7.3,4.3-14,4.6c-6.8,0.3-12.6,0-20.9-1.5c-11.3-2-33.1-10.1-44.7-5.7\ts-12.1,4.6-18,7.4c-6.6,3.2-20,9.6-36.6,9.3C131.6,23.5,99.5,7.2,86.3,8c-1.4,0.1-6.6,0.8-10.5,2c-3.8,1.2-9.4,3.8-17,4.7\tc-3.2,0.4-8.3,1.1-14.2,0.9c-1.5-0.1-6.3-0.4-12-1.6c-5.7-1.2-11-3.1-15.8-3.7C6.5,9.2,0,10.8,0,10.8V0h283.5V9.7z M260.8,11.3\tc-0.7-1-2-0.4-4.3-0.4c-2.3,0-6.1-1.2-5.8-1.1c0.3,0.1,3.1,1.5,6,1.9C259.7,12.2,261.4,12.3,260.8,11.3z M242.4,8.6\tc0,0-2.4-0.2-5.6-0.9c-3.2-0.8-10.3-2.8-15.1-3.5c-8.2-1.1-15.8,0-15.1,0.1c0.8,0.1,9.6-0.6,17.6,1.1c3.3,0.7,9.3,2.2,12.4,2.7\tC239.9,8.7,242.4,8.6,242.4,8.6z M185.2,8.5c1.7-0.7-13.3,4.7-18.5,6.1c-2.1,0.6-6.2,1.6-10,2c-3.9,0.4-8.9,0.4-8.8,0.5\tc0,0.2,5.8,0.8,11.2,0c5.4-0.8,5.2-1.1,7.6-1.6C170.5,14.7,183.5,9.2,185.2,8.5z M199.1,6.9c0.2,0-0.8-0.4-4.8,1.1\tc-4,1.5-6.7,3.5-6.9,3.7c-0.2,0.1,3.5-1.8,6.6-3C197,7.5,199,6.9,199.1,6.9z M283,6c-0.1,0.1-1.9,1.1-4.8,2.5s-6.9,2.8-6.7,2.7\tc0.2,0,3.5-0.6,7.4-2.5C282.8,6.8,283.1,5.9,283,6z M31.3,11.6c0.1-0.2-1.9-0.2-4.5-1.2s-5.4-1.6-7.8-2C15,7.6,7.3,8.5,7.7,8.6\tC8,8.7,15.9,8.3,20.2,9.3c2.2,0.5,2.4,0.5,5.7,1.6S31.2,11.9,31.3,11.6z M73,9.2c0.4-0.1,3.5-1.6,8.4-2.6c4.9-1.1,8.9-0.5,8.9-0.8\tc0-0.3-1-0.9-6.2-0.3S72.6,9.3,73,9.2z M71.6,6.7C71.8,6.8,75,5.4,77.3,5c2.3-0.3,1.9-0.5,1.9-0.6c0-0.1-1.1-0.2-2.7,0.2\tC74.8,5.1,71.4,6.6,71.6,6.7z M93.6,4.4c0.1,0.2,3.5,0.8,5.6,1.8c2.1,1,1.8,0.6,1.9,0.5c0.1-0.1-0.8-0.8-2.4-1.3\tC97.1,4.8,93.5,4.2,93.6,4.4z M65.4,11.1c-0.1,0.3,0.3,0.5,1.9-0.2s2.6-1.3,2.2-1.2s-0.9,0.4-2.5,0.8C65.3,10.9,65.5,10.8,65.4,11.1\tz M34.5,12.4c-0.2,0,2.1,0.8,3.3,0.9c1.2,0.1,2,0.1,2-0.2c0-0.3-0.1-0.5-1.6-0.4C36.6,12.8,34.7,12.4,34.5,12.4z M152.2,21.1\tc-0.1,0.1-2.4-0.3-7.5-0.3c-5,0-13.6-2.4-17.2-3.5c-3.6-1.1,10,3.9,16.5,4.1C150.5,21.6,152.3,21,152.2,21.1z\"\/>\n\t<path class=\"elementor-shape-fill\" d=\"M269.6,18c-0.1-0.1-4.6,0.3-7.2,0c-7.3-0.7-17-3.2-16.6-2.9c0.4,0.3,13.7,3.1,17,3.3\tC267.7,18.8,269.7,18,269.6,18z\"\/>\n\t<path class=\"elementor-shape-fill\" d=\"M227.4,9.8c-0.2-0.1-4.5-1-9.5-1.2c-5-0.2-12.7,0.6-12.3,0.5c0.3-0.1,5.9-1.8,13.3-1.2\tS227.6,9.9,227.4,9.8z\"\/>\n\t<path class=\"elementor-shape-fill\" d=\"M204.5,13.4c-0.1-0.1,2-1,3.2-1.1c1.2-0.1,2,0,2,0.3c0,0.3-0.1,0.5-1.6,0.4\tC206.4,12.9,204.6,13.5,204.5,13.4z\"\/>\n\t<path class=\"elementor-shape-fill\" d=\"M201,10.6c0-0.1-4.4,1.2-6.3,2.2c-1.9,0.9-6.2,3.1-6.1,3.1c0.1,0.1,4.2-1.6,6.3-2.6\tS201,10.7,201,10.6z\"\/>\n\t<path class=\"elementor-shape-fill\" d=\"M154.5,26.7c-0.1-0.1-4.6,0.3-7.2,0c-7.3-0.7-17-3.2-16.6-2.9c0.4,0.3,13.7,3.1,17,3.3\tC152.6,27.5,154.6,26.8,154.5,26.7z\"\/>\n\t<path class=\"elementor-shape-fill\" d=\"M41.9,19.3c0,0,1.2-0.3,2.9-0.1c1.7,0.2,5.8,0.9,8.2,0.7c4.2-0.4,7.4-2.7,7-2.6\tc-0.4,0-4.3,2.2-8.6,1.9c-1.8-0.1-5.1-0.5-6.7-0.4S41.9,19.3,41.9,19.3z\"\/>\n\t<path class=\"elementor-shape-fill\" d=\"M75.5,12.6c0.2,0.1,2-0.8,4.3-1.1c2.3-0.2,2.1-0.3,2.1-0.5c0-0.1-1.8-0.4-3.4,0\tC76.9,11.5,75.3,12.5,75.5,12.6z\"\/>\n\t<path class=\"elementor-shape-fill\" d=\"M15.6,13.2c0-0.1,4.3,0,6.7,0.5c2.4,0.5,5,1.9,5,2c0,0.1-2.7-0.8-5.1-1.4\tC19.9,13.7,15.7,13.3,15.6,13.2z\"\/>\n<\/svg>\t\t<\/div>\n\t\t<div class=\"elementor-element elementor-element-6bf3945e e-con-full e-flex e-con e-child\" data-id=\"6bf3945e\" data-element_type=\"container\" data-e-type=\"container\">\n\t\t<div class=\"elementor-element elementor-element-1d1ceeb7 e-con-full e-flex e-con e-child\" data-id=\"1d1ceeb7\" data-element_type=\"container\" data-e-type=\"container\">\n\t\t\t\t<div class=\"elementor-element elementor-element-f11ea0e elementor-widget elementor-widget-heading\" data-id=\"f11ea0e\" data-element_type=\"widget\" data-e-type=\"widget\" data-widget_type=\"heading.default\">\n\t\t\t\t\t<h3 class=\"elementor-heading-title elementor-size-default\">Come nasce il progetto<\/h3>\t\t\t\t<\/div>\n\t\t\t\t<div class=\"elementor-element elementor-element-21d1f0b elementor-widget elementor-widget-text-editor\" data-id=\"21d1f0b\" data-element_type=\"widget\" data-e-type=\"widget\" data-widget_type=\"text-editor.default\">\n\t\t\t\t\t\t\t\t\t<p>L\u2019Archivio della GemmAttivit\u00e0 \u00e8\u00a0 nasce per raccogliere e valorizzare la memoria sociale, culturale e lavorativa del territorio pavese, soprattutto delle aree rurali.<\/p><p>Il nome richiama l\u2019idea del <em><strong>germoglio<\/strong><\/em>: custodisce testimonianze per far nascere nuove conoscenze e relazioni.<\/p><p>L\u2019Archivio, accessibile online, raccoglie interviste, immagini e documenti di contadini, artigiani, animatori sociali e altre figure che hanno contribuito alla vita delle diverse comunit\u00e0. Il progetto unisce memoria e futuro, promuovendo i valori del lavoro, della sostenibilit\u00e0 e della solidariet\u00e0.<\/p><p><em>Coinvolge anche persone con disabilit\u00e0 nella raccolta e organizzazione dei materiali, documenti, archivi,\u00a0<\/em><em>diventando cos\u00ec uno strumento di inclusione, formazione e valorizzazione del patrimonio locale.<\/em><\/p>\t\t\t\t\t\t\t\t<\/div>\n\t\t\t\t<\/div>\n\t\t\t\t<\/div>\n\t\t\t\t<\/div>\n\t\t<div class=\"elementor-element elementor-element-d1c7d04 e-flex e-con-boxed e-con e-parent\" data-id=\"d1c7d04\" data-element_type=\"container\" data-e-type=\"container\">\n\t\t\t\t\t<div class=\"e-con-inner\">\n\t\t<div class=\"elementor-element elementor-element-ea04ee2 e-con-full e-flex e-con e-child\" data-id=\"ea04ee2\" data-element_type=\"container\" data-e-type=\"container\">\n\t\t\t\t<div class=\"elementor-element elementor-element-51c6727f elementor-widget elementor-widget-heading\" data-id=\"51c6727f\" data-element_type=\"widget\" data-e-type=\"widget\" data-widget_type=\"heading.default\">\n\t\t\t\t\t<h3 class=\"elementor-heading-title elementor-size-default\">Custodire, catalogare, tramandare e valorizzare<\/h3>\t\t\t\t<\/div>\n\t\t\t\t<div class=\"elementor-element elementor-element-6ea2a8c3 elementor-widget elementor-widget-text-editor\" data-id=\"6ea2a8c3\" data-element_type=\"widget\" data-e-type=\"widget\" data-widget_type=\"text-editor.default\">\n\t\t\t\t\t\t\t\t\t<p>Alla base c\u2019\u00e8 l\u2019esperienza de\u00a0<strong>Gli Aironi<\/strong>, che da 30 anni lavorano per la conservazione<br \/>della memoria e del patrimonio documentale conservato negli archivi storici di enti pubblici e privati mediante attivit\u00e0 di catalogazione inventariale<em>: un patrimonio di cura e attenzione che oggi incontra le voci vive del territorio.<\/em><\/p>\t\t\t\t\t\t\t\t<\/div>\n\t\t\t\t<div class=\"elementor-element elementor-element-78982d03 elementor-align-center elementor-mobile-align-center elementor-widget elementor-widget-button\" data-id=\"78982d03\" data-element_type=\"widget\" data-e-type=\"widget\" data-widget_type=\"button.default\">\n\t\t\t\t\t\t\t\t\t\t<a class=\"elementor-button elementor-button-link elementor-size-sm\" href=\"https:\/\/www.gemarchivio.it\/index.php\/archivio\/\">\n\t\t\t\t\t\t<span class=\"elementor-button-content-wrapper\">\n\t\t\t\t\t\t\t\t\t<span class=\"elementor-button-text\">Chi siamo<\/span>\n\t\t\t\t\t<\/span>\n\t\t\t\t\t<\/a>\n\t\t\t\t\t\t\t\t<\/div>\n\t\t\t\t<\/div>\n\t\t<div class=\"elementor-element elementor-element-38cdb83 e-con-full e-flex e-con e-child\" data-id=\"38cdb83\" data-element_type=\"container\" data-e-type=\"container\">\n\t\t\t\t<div class=\"elementor-element elementor-element-bd249b9 elementor-widget elementor-widget-image\" data-id=\"bd249b9\" data-element_type=\"widget\" data-e-type=\"widget\" data-widget_type=\"image.default\">\n\t\t\t\t\t\t\t\t\t\t\t\t\t\t\t<img loading=\"lazy\" decoding=\"async\" width=\"800\" height=\"800\" src=\"https:\/\/www.gemarchivio.it\/wp-content\/uploads\/2026\/03\/ArchivioGem_Pavia-1024x1024.png\" class=\"attachment-large size-large wp-image-300\" alt=\"\" srcset=\"https:\/\/www.gemarchivio.it\/wp-content\/uploads\/2026\/03\/ArchivioGem_Pavia-1024x1024.png 1024w, https:\/\/www.gemarchivio.it\/wp-content\/uploads\/2026\/03\/ArchivioGem_Pavia-300x300.png 300w, https:\/\/www.gemarchivio.it\/wp-content\/uploads\/2026\/03\/ArchivioGem_Pavia-150x150.png 150w, https:\/\/www.gemarchivio.it\/wp-content\/uploads\/2026\/03\/ArchivioGem_Pavia-768x768.png 768w, https:\/\/www.gemarchivio.it\/wp-content\/uploads\/2026\/03\/ArchivioGem_Pavia-1536x1536.png 1536w, https:\/\/www.gemarchivio.it\/wp-content\/uploads\/2026\/03\/ArchivioGem_Pavia.png 2000w\" sizes=\"(max-width: 800px) 100vw, 800px\" \/>\t\t\t\t\t\t\t\t\t\t\t\t\t\t\t<\/div>\n\t\t\t\t<\/div>\n\t\t\t\t\t<\/div>\n\t\t\t\t<\/div>\n\t\t<div class=\"elementor-element elementor-element-e303ade e-flex e-con-boxed e-con e-parent\" data-id=\"e303ade\" data-element_type=\"container\" data-e-type=\"container\">\n\t\t\t\t\t<div class=\"e-con-inner\">\n\t\t<div class=\"elementor-element elementor-element-a060330 e-con-full e-flex e-con e-child\" data-id=\"a060330\" data-element_type=\"container\" data-e-type=\"container\">\n\t\t\t\t<div class=\"elementor-element elementor-element-f813a5a elementor-widget elementor-widget-heading\" data-id=\"f813a5a\" data-element_type=\"widget\" data-e-type=\"widget\" data-widget_type=\"heading.default\">\n\t\t\t\t\t<h3 class=\"elementor-heading-title elementor-size-default\">Cascina Malaspina<\/h3>\t\t\t\t<\/div>\n\t\t\t\t<div class=\"elementor-element elementor-element-d620e9c elementor-widget elementor-widget-text-editor\" data-id=\"d620e9c\" data-element_type=\"widget\" data-e-type=\"widget\" data-widget_type=\"text-editor.default\">\n\t\t\t\t\t\t\t\t\t<p data-start=\"1169\" data-end=\"1359\">A <strong data-start=\"1171\" data-end=\"1198\">Sannazzaro de\u2019 Burgondi<\/strong>, nel cuore della Lomellina, l\u2019<strong data-start=\"1229\" data-end=\"1266\">ex stalla della Cascina Malaspina<\/strong> \u00e8 il luogo in cui l\u2019Archivio della Generativit\u00e0 prende forma e diventa esperienza condivisa.<\/p><p data-start=\"1361\" data-end=\"1605\">Lo spazio \u00e8 stato ripensato e ristrutturato grazie al lavoro delle <strong data-start=\"1428\" data-end=\"1469\">studentesse del Politecnico di Milano<\/strong>, che hanno seguito il progetto con l\u2019obiettivo di restituire alla comunit\u00e0 un luogo dedicato alla cultura, alla memoria e all\u2019incontro.<\/p><p>\u00c8 pensata come un luogo in cui tradizione e innovazione possano convivere, accogliendo attivit\u00e0 culturali, laboratori, incontri e nuove occasioni di condivisione.<\/p>\t\t\t\t\t\t\t\t<\/div>\n\t\t\t\t<\/div>\n\t\t\t\t\t<\/div>\n\t\t\t\t<\/div>\n\t\t<div class=\"elementor-element elementor-element-4d4b898 e-con-full e-flex e-con e-parent\" data-id=\"4d4b898\" data-element_type=\"container\" data-e-type=\"container\" id=\"next\">\n\t\t\t\t<div class=\"elementor-element elementor-element-3ef555f8 elementor-widget elementor-widget-heading\" data-id=\"3ef555f8\" data-element_type=\"widget\" data-e-type=\"widget\" data-widget_type=\"heading.default\">\n\t\t\t\t\t<h3 class=\"elementor-heading-title elementor-size-default\">La cascina ospita<\/h3>\t\t\t\t<\/div>\n\t\t<div class=\"elementor-element elementor-element-3f90a880 e-con-full e-flex e-con e-child\" data-id=\"3f90a880\" data-element_type=\"container\" data-e-type=\"container\">\n\t\t<div class=\"elementor-element elementor-element-4c7d109b e-con-full e-flex e-con e-child\" data-id=\"4c7d109b\" data-element_type=\"container\" data-e-type=\"container\">\n\t\t\t\t<div class=\"elementor-element elementor-element-62bf1cc8 elementor-position-top elementor-widget elementor-widget-image-box\" data-id=\"62bf1cc8\" data-element_type=\"widget\" data-e-type=\"widget\" data-widget_type=\"image-box.default\">\n\t\t\t\t\t<div class=\"elementor-image-box-wrapper\"><figure class=\"elementor-image-box-img\"><a href=\"#\" tabindex=\"-1\"><img loading=\"lazy\" decoding=\"async\" width=\"2000\" height=\"2000\" src=\"https:\/\/www.gemarchivio.it\/wp-content\/uploads\/2026\/03\/Gem_Archivio_cinema.png\" class=\"elementor-animation-grow attachment-full size-full wp-image-260\" alt=\"\" srcset=\"https:\/\/www.gemarchivio.it\/wp-content\/uploads\/2026\/03\/Gem_Archivio_cinema.png 2000w, https:\/\/www.gemarchivio.it\/wp-content\/uploads\/2026\/03\/Gem_Archivio_cinema-300x300.png 300w, https:\/\/www.gemarchivio.it\/wp-content\/uploads\/2026\/03\/Gem_Archivio_cinema-1024x1024.png 1024w, https:\/\/www.gemarchivio.it\/wp-content\/uploads\/2026\/03\/Gem_Archivio_cinema-150x150.png 150w, https:\/\/www.gemarchivio.it\/wp-content\/uploads\/2026\/03\/Gem_Archivio_cinema-768x768.png 768w, https:\/\/www.gemarchivio.it\/wp-content\/uploads\/2026\/03\/Gem_Archivio_cinema-1536x1536.png 1536w\" sizes=\"(max-width: 2000px) 100vw, 2000px\" \/><\/a><\/figure><div class=\"elementor-image-box-content\"><h4 class=\"elementor-image-box-title\"><a href=\"#\">Cinema Archivio<\/a><\/h4><p class=\"elementor-image-box-description\">Ricavato dall\u2019ex stalla del vitello, uno spazio di proiezione dedicato alle interviste<\/p><\/div><\/div>\t\t\t\t<\/div>\n\t\t\t\t<\/div>\n\t\t<div class=\"elementor-element elementor-element-4c906f0f e-con-full e-flex e-con e-child\" data-id=\"4c906f0f\" data-element_type=\"container\" data-e-type=\"container\">\n\t\t\t\t<div class=\"elementor-element elementor-element-ed50c74 elementor-position-top elementor-widget elementor-widget-image-box\" data-id=\"ed50c74\" data-element_type=\"widget\" data-e-type=\"widget\" data-widget_type=\"image-box.default\">\n\t\t\t\t\t<div class=\"elementor-image-box-wrapper\"><figure class=\"elementor-image-box-img\"><a href=\"#\" tabindex=\"-1\"><img loading=\"lazy\" decoding=\"async\" width=\"2000\" height=\"2000\" src=\"https:\/\/www.gemarchivio.it\/wp-content\/uploads\/2026\/03\/Gem_Archivio_eventi.png\" class=\"elementor-animation-grow attachment-full size-full wp-image-263\" alt=\"\" srcset=\"https:\/\/www.gemarchivio.it\/wp-content\/uploads\/2026\/03\/Gem_Archivio_eventi.png 2000w, https:\/\/www.gemarchivio.it\/wp-content\/uploads\/2026\/03\/Gem_Archivio_eventi-300x300.png 300w, https:\/\/www.gemarchivio.it\/wp-content\/uploads\/2026\/03\/Gem_Archivio_eventi-1024x1024.png 1024w, https:\/\/www.gemarchivio.it\/wp-content\/uploads\/2026\/03\/Gem_Archivio_eventi-150x150.png 150w, https:\/\/www.gemarchivio.it\/wp-content\/uploads\/2026\/03\/Gem_Archivio_eventi-768x768.png 768w, https:\/\/www.gemarchivio.it\/wp-content\/uploads\/2026\/03\/Gem_Archivio_eventi-1536x1536.png 1536w\" sizes=\"(max-width: 2000px) 100vw, 2000px\" \/><\/a><\/figure><div class=\"elementor-image-box-content\"><h4 class=\"elementor-image-box-title\"><a href=\"#\">Eventi<\/a><\/h4><p class=\"elementor-image-box-description\">Un ambiente dedicato a incontri, presentazioni e conferenze per il territorio<\/p><\/div><\/div>\t\t\t\t<\/div>\n\t\t\t\t<\/div>\n\t\t<div class=\"elementor-element elementor-element-6d4dca9c e-con-full e-flex e-con e-child\" data-id=\"6d4dca9c\" data-element_type=\"container\" data-e-type=\"container\">\n\t\t\t\t<div class=\"elementor-element elementor-element-2257462d elementor-position-top elementor-widget elementor-widget-image-box\" data-id=\"2257462d\" data-element_type=\"widget\" data-e-type=\"widget\" data-widget_type=\"image-box.default\">\n\t\t\t\t\t<div class=\"elementor-image-box-wrapper\"><figure class=\"elementor-image-box-img\"><a href=\"#\" tabindex=\"-1\"><img loading=\"lazy\" decoding=\"async\" width=\"2000\" height=\"2000\" src=\"https:\/\/www.gemarchivio.it\/wp-content\/uploads\/2026\/03\/Gem_Archivio_didattica.png\" class=\"elementor-animation-grow attachment-full size-full wp-image-262\" alt=\"\" srcset=\"https:\/\/www.gemarchivio.it\/wp-content\/uploads\/2026\/03\/Gem_Archivio_didattica.png 2000w, https:\/\/www.gemarchivio.it\/wp-content\/uploads\/2026\/03\/Gem_Archivio_didattica-300x300.png 300w, https:\/\/www.gemarchivio.it\/wp-content\/uploads\/2026\/03\/Gem_Archivio_didattica-1024x1024.png 1024w, https:\/\/www.gemarchivio.it\/wp-content\/uploads\/2026\/03\/Gem_Archivio_didattica-150x150.png 150w, https:\/\/www.gemarchivio.it\/wp-content\/uploads\/2026\/03\/Gem_Archivio_didattica-768x768.png 768w, https:\/\/www.gemarchivio.it\/wp-content\/uploads\/2026\/03\/Gem_Archivio_didattica-1536x1536.png 1536w\" sizes=\"(max-width: 2000px) 100vw, 2000px\" \/><\/a><\/figure><div class=\"elementor-image-box-content\"><h4 class=\"elementor-image-box-title\"><a href=\"#\">Laboratori Didattici<\/a><\/h4><p class=\"elementor-image-box-description\">Attivit\u00e0 educative rivolte a scuole, gruppi e visitatori per avvicinarsi alla cultura del Pavese e della Lomellina.<\/p><\/div><\/div>\t\t\t\t<\/div>\n\t\t\t\t<\/div>\n\t\t<div class=\"elementor-element elementor-element-43fea5b8 e-con-full e-flex e-con e-child\" data-id=\"43fea5b8\" data-element_type=\"container\" data-e-type=\"container\">\n\t\t\t\t<div class=\"elementor-element elementor-element-33bf9d8 elementor-position-top elementor-widget elementor-widget-image-box\" data-id=\"33bf9d8\" data-element_type=\"widget\" data-e-type=\"widget\" data-widget_type=\"image-box.default\">\n\t\t\t\t\t<div class=\"elementor-image-box-wrapper\"><figure class=\"elementor-image-box-img\"><a href=\"#\" tabindex=\"-1\"><img loading=\"lazy\" decoding=\"async\" width=\"2000\" height=\"2000\" src=\"https:\/\/www.gemarchivio.it\/wp-content\/uploads\/2026\/03\/Gem_Archivio_coworking.png\" class=\"elementor-animation-grow attachment-full size-full wp-image-261\" alt=\"\" srcset=\"https:\/\/www.gemarchivio.it\/wp-content\/uploads\/2026\/03\/Gem_Archivio_coworking.png 2000w, https:\/\/www.gemarchivio.it\/wp-content\/uploads\/2026\/03\/Gem_Archivio_coworking-300x300.png 300w, https:\/\/www.gemarchivio.it\/wp-content\/uploads\/2026\/03\/Gem_Archivio_coworking-1024x1024.png 1024w, https:\/\/www.gemarchivio.it\/wp-content\/uploads\/2026\/03\/Gem_Archivio_coworking-150x150.png 150w, https:\/\/www.gemarchivio.it\/wp-content\/uploads\/2026\/03\/Gem_Archivio_coworking-768x768.png 768w, https:\/\/www.gemarchivio.it\/wp-content\/uploads\/2026\/03\/Gem_Archivio_coworking-1536x1536.png 1536w\" sizes=\"(max-width: 2000px) 100vw, 2000px\" \/><\/a><\/figure><div class=\"elementor-image-box-content\"><h4 class=\"elementor-image-box-title\"><a href=\"#\">Coworking<\/a><\/h4><p class=\"elementor-image-box-description\">Un luogo aperto a idee, creativit\u00e0 e collaborazioni, dove innovazione e territorio possono incontrarsi.<\/p><\/div><\/div>\t\t\t\t<\/div>\n\t\t\t\t<\/div>\n\t\t\t\t<\/div>\n\t\t\t\t<\/div>\n\t\t<div class=\"elementor-element elementor-element-319691c e-flex e-con-boxed e-con e-parent\" data-id=\"319691c\" data-element_type=\"container\" data-e-type=\"container\">\n\t\t\t\t\t<div class=\"e-con-inner\">\n\t\t\t\t<div class=\"elementor-element elementor-element-4ad259c elementor-align-center elementor-mobile-align-center elementor-widget elementor-widget-button\" data-id=\"4ad259c\" data-element_type=\"widget\" data-e-type=\"widget\" data-widget_type=\"button.default\">\n\t\t\t\t\t\t\t\t\t\t<a class=\"elementor-button elementor-button-link elementor-size-sm\" href=\"https:\/\/www.gemarchivio.it\/index.php\/contatti\/\">\n\t\t\t\t\t\t<span class=\"elementor-button-content-wrapper\">\n\t\t\t\t\t\t\t\t\t<span class=\"elementor-button-text\">Vieni a trovarci<\/span>\n\t\t\t\t\t<\/span>\n\t\t\t\t\t<\/a>\n\t\t\t\t\t\t\t\t<\/div>\n\t\t\t\t\t<\/div>\n\t\t\t\t<\/div>\n\t\t<div class=\"elementor-element elementor-element-9eba39f e-con-full e-flex e-con e-parent\" data-id=\"9eba39f\" data-element_type=\"container\" data-e-type=\"container\" data-settings=\"{&quot;background_background&quot;:&quot;classic&quot;,&quot;shape_divider_top&quot;:&quot;waves&quot;}\">\n\t\t\t\t<div class=\"elementor-shape elementor-shape-top\" aria-hidden=\"true\" data-negative=\"false\">\n\t\t\t<svg xmlns=\"http:\/\/www.w3.org\/2000\/svg\" viewBox=\"0 0 1000 100\" preserveAspectRatio=\"none\">\n\t<path class=\"elementor-shape-fill\" d=\"M421.9,6.5c22.6-2.5,51.5,0.4,75.5,5.3c23.6,4.9,70.9,23.5,100.5,35.7c75.8,32.2,133.7,44.5,192.6,49.7\n\tc23.6,2.1,48.7,3.5,103.4-2.5c54.7-6,106.2-25.6,106.2-25.6V0H0v30.3c0,0,72,32.6,158.4,30.5c39.2-0.7,92.8-6.7,134-22.4\n\tc21.2-8.1,52.2-18.2,79.7-24.2C399.3,7.9,411.6,7.5,421.9,6.5z\"\/>\n<\/svg>\t\t<\/div>\n\t\t<div class=\"elementor-element elementor-element-f41cb1e e-con-full e-flex e-con e-child\" data-id=\"f41cb1e\" data-element_type=\"container\" data-e-type=\"container\">\n\t\t<div class=\"elementor-element elementor-element-e96178e e-con-full e-flex e-con e-child\" data-id=\"e96178e\" data-element_type=\"container\" data-e-type=\"container\">\n\t\t\t\t<div class=\"elementor-element elementor-element-83ae991 elementor-widget elementor-widget-heading\" data-id=\"83ae991\" data-element_type=\"widget\" data-e-type=\"widget\" data-widget_type=\"heading.default\">\n\t\t\t\t\t<h3 class=\"elementor-heading-title elementor-size-default\">Come nasce il progetto<\/h3>\t\t\t\t<\/div>\n\t\t\t\t<div class=\"elementor-element elementor-element-42a2c49 elementor-widget elementor-widget-text-editor\" data-id=\"42a2c49\" data-element_type=\"widget\" data-e-type=\"widget\" data-widget_type=\"text-editor.default\">\n\t\t\t\t\t\t\t\t\t<p data-start=\"152\" data-end=\"485\">\u00a0<\/p><p>Un progetto promosso da <a href=\"https:\/\/www.fondazionecariplo.it\/\" target=\"_blank\" rel=\"noopener\">Fondazione Cariplo<\/a>\u00a0e\u00a0<a href=\"https:\/\/www.fondazionepv.it\/\" target=\"_blank\" rel=\"noopener\">Fondazione Comunitaria di Pavia<\/a>, l&#8217;Archivio nasce all\u2019interno del progetto\u00a0 S2.O.L.E , progetto emblematico per il territorio del pavese che intende avviare un processo di innovazione sociale territoriale generativo in grado di attivare\/riattivare il contesto locale e le sue risorse, grazie ad un modello sinergico ed integrato di rete (<a href=\"https:\/\/www.ilgrup.it\/\" target=\"_blank\" rel=\"noopener\">\u201cIL GRUP\u201d<\/a>\u00a0\u2013 9 partner) che pone in essere un processo di trasformazione del territorio, promuovendo diversi percorsi che portano alla capacitazione delle persone fragili, recupera e valorizza la memoria pavese attraverso un sistema virtuoso di Formazione, Lavoro, Solidariet\u00e0, Sostenibilit\u00e0. Beneficiari diretti: persone svantaggiate\/fragili e cittadinanza pavese<\/p>\t\t\t\t\t\t\t\t<\/div>\n\t\t\t\t<div class=\"elementor-element elementor-element-e003b78 elementor-align-center elementor-mobile-align-center elementor-widget elementor-widget-button\" data-id=\"e003b78\" data-element_type=\"widget\" data-e-type=\"widget\" data-widget_type=\"button.default\">\n\t\t\t\t\t\t\t\t\t\t<a class=\"elementor-button elementor-button-link elementor-size-sm\" href=\"https:\/\/www.progettosolepavia.it\/\">\n\t\t\t\t\t\t<span class=\"elementor-button-content-wrapper\">\n\t\t\t\t\t\t\t\t\t<span class=\"elementor-button-text\">Progetto Sole<\/span>\n\t\t\t\t\t<\/span>\n\t\t\t\t\t<\/a>\n\t\t\t\t\t\t\t\t<\/div>\n\t\t\t\t<div class=\"elementor-element elementor-element-172336a elementor-widget elementor-widget-text-editor\" data-id=\"172336a\" data-element_type=\"widget\" data-e-type=\"widget\" data-widget_type=\"text-editor.default\">\n\t\t\t\t\t\t\t\t\t<p><em>Il progetto \u00e8 promosso dalla Cooperativa Sociale <a href=\"https:\/\/www.coopgliaironi.it\/\">Gli Aironi<\/a>. Realizzato grazie al <a href=\"https:\/\/www.progettosolepavia.it\/archivio-della-generativita\/\">Progetto Sole<\/a>, con il contributo di <a href=\"https:\/\/www.fondazionecariplo.it\/\">Fondazione Cariplo<\/a> e <a href=\"https:\/\/www.fondazionepv.it\/\">Fondazione Comunitaria<\/a> della Provincia di Pavia.<\/em><\/p><p><em>La regia delle interviste \u00e8 stata fatta dalla casa cinematografica <a href=\"https:\/\/www.rossofilm.com\/\">Rosso Film<\/a>.<\/em><\/p>\t\t\t\t\t\t\t\t<\/div>\n\t\t\t\t<div class=\"elementor-element elementor-element-7549403 elementor-widget elementor-widget-image-carousel\" data-id=\"7549403\" data-element_type=\"widget\" data-e-type=\"widget\" data-settings=\"{&quot;slides_to_show&quot;:&quot;5&quot;,&quot;slides_to_show_tablet&quot;:&quot;3&quot;,&quot;navigation&quot;:&quot;none&quot;,&quot;pause_on_hover&quot;:&quot;no&quot;,&quot;pause_on_interaction&quot;:&quot;no&quot;,&quot;image_spacing_custom&quot;:{&quot;unit&quot;:&quot;px&quot;,&quot;size&quot;:&quot;55&quot;,&quot;sizes&quot;:[]},&quot;slides_to_scroll_tablet&quot;:&quot;1&quot;,&quot;slides_to_show_mobile&quot;:&quot;3&quot;,&quot;autoplay_speed&quot;:2000,&quot;autoplay&quot;:&quot;yes&quot;,&quot;infinite&quot;:&quot;yes&quot;,&quot;speed&quot;:500,&quot;image_spacing_custom_tablet&quot;:{&quot;unit&quot;:&quot;px&quot;,&quot;size&quot;:&quot;&quot;,&quot;sizes&quot;:[]},&quot;image_spacing_custom_mobile&quot;:{&quot;unit&quot;:&quot;px&quot;,&quot;size&quot;:&quot;&quot;,&quot;sizes&quot;:[]}}\" data-widget_type=\"image-carousel.default\">\n\t\t\t\t\t\t\t<div class=\"elementor-image-carousel-wrapper swiper\" role=\"region\" aria-roledescription=\"carousel\" aria-label=\"Carosello d&#039;immagini\" dir=\"ltr\">\n\t\t\t<div class=\"elementor-image-carousel swiper-wrapper\" aria-live=\"off\">\n\t\t\t\t\t\t\t\t<div class=\"swiper-slide\" role=\"group\" aria-roledescription=\"slide\" aria-label=\"1 di 5\"><figure class=\"swiper-slide-inner\"><img decoding=\"async\" class=\"swiper-slide-image\" src=\"https:\/\/www.gemarchivio.it\/wp-content\/uploads\/2026\/03\/Gli_Aironi_GemArchivio-1.png\" alt=\"Gli_Aironi_GemArchivio\" \/><\/figure><\/div><div class=\"swiper-slide\" role=\"group\" aria-roledescription=\"slide\" aria-label=\"2 di 5\"><figure class=\"swiper-slide-inner\"><img decoding=\"async\" class=\"swiper-slide-image\" src=\"https:\/\/www.gemarchivio.it\/wp-content\/uploads\/2026\/03\/Sole_Pavia_GemArchivio-1.png\" alt=\"Sole_Pavia_GemArchivio\" \/><\/figure><\/div><div class=\"swiper-slide\" role=\"group\" aria-roledescription=\"slide\" aria-label=\"3 di 5\"><figure class=\"swiper-slide-inner\"><img decoding=\"async\" class=\"swiper-slide-image\" src=\"https:\/\/www.gemarchivio.it\/wp-content\/uploads\/2026\/03\/Rosso_Film_GemArchivio.png\" alt=\"Rosso_Film_GemArchivio\" \/><\/figure><\/div><div class=\"swiper-slide\" role=\"group\" aria-roledescription=\"slide\" aria-label=\"4 di 5\"><figure class=\"swiper-slide-inner\"><img decoding=\"async\" class=\"swiper-slide-image\" src=\"https:\/\/www.gemarchivio.it\/wp-content\/uploads\/2026\/03\/Fondazione_Cariplo_GemArchivio.png\" alt=\"Fondazione_Cariplo_GemArchivio\" \/><\/figure><\/div><div class=\"swiper-slide\" role=\"group\" aria-roledescription=\"slide\" aria-label=\"5 di 5\"><figure class=\"swiper-slide-inner\"><img decoding=\"async\" class=\"swiper-slide-image\" src=\"https:\/\/www.gemarchivio.it\/wp-content\/uploads\/2026\/03\/Fondazione_Comunitaria_GemArchivio-1.png\" alt=\"https:\/\/www.fondazionepv.it\/\" \/><\/figure><\/div>\t\t\t<\/div>\n\t\t\t\t\t\t\t\n\t\t\t\t\t\t\t\t\t<\/div>\n\t\t\t\t\t\t<\/div>\n\t\t\t\t<\/div>\n\t\t\t\t<\/div>\n\t\t\t\t<\/div>\n\t\t\t\t<\/div>\n\t\t","protected":false},"excerpt":{"rendered":"<p>Archivio della GemmAtivit\u00e0 Un progetto culturale e sociale nato per raccogliere, custodire e trasmettere le storie, i saperi e le memorie della Lomellina, del Pavese e dell&#8217;Oltrep\u00f2, attraverso video interviste, spazi di incontro e un percorso capace di mettere in dialogo territorio, comunit\u00e0 e futuro. Come nasce il progetto L\u2019Archivio della GemmAttivit\u00e0 \u00e8\u00a0 nasce per [&hellip;]<\/p>\n","protected":false},"author":2,"featured_media":0,"parent":0,"menu_order":0,"comment_status":"closed","ping_status":"closed","template":"","meta":{"footnotes":""},"class_list":["post-18","page","type-page","status-publish","hentry"],"_links":{"self":[{"href":"https:\/\/www.gemarchivio.it\/index.php\/wp-json\/wp\/v2\/pages\/18","targetHints":{"allow":["GET"]}}],"collection":[{"href":"https:\/\/www.gemarchivio.it\/index.php\/wp-json\/wp\/v2\/pages"}],"about":[{"href":"https:\/\/www.gemarchivio.it\/index.php\/wp-json\/wp\/v2\/types\/page"}],"author":[{"embeddable":true,"href":"https:\/\/www.gemarchivio.it\/index.php\/wp-json\/wp\/v2\/users\/2"}],"replies":[{"embeddable":true,"href":"https:\/\/www.gemarchivio.it\/index.php\/wp-json\/wp\/v2\/comments?post=18"}],"version-history":[{"count":128,"href":"https:\/\/www.gemarchivio.it\/index.php\/wp-json\/wp\/v2\/pages\/18\/revisions"}],"predecessor-version":[{"id":559,"href":"https:\/\/www.gemarchivio.it\/index.php\/wp-json\/wp\/v2\/pages\/18\/revisions\/559"}],"wp:attachment":[{"href":"https:\/\/www.gemarchivio.it\/index.php\/wp-json\/wp\/v2\/media?parent=18"}],"curies":[{"name":"wp","href":"https:\/\/api.w.org\/{rel}","templated":true}]}}