{"id":37,"date":"2026-03-16T18:08:14","date_gmt":"2026-03-16T18:08:14","guid":{"rendered":"https:\/\/www.gemarchivio.it\/index.php\/home\/"},"modified":"2026-04-10T21:15:04","modified_gmt":"2026-04-10T21:15:04","slug":"home","status":"publish","type":"page","link":"https:\/\/www.gemarchivio.it\/","title":{"rendered":"Home"},"content":{"rendered":"\t\t<div data-elementor-type=\"wp-page\" data-elementor-id=\"37\" class=\"elementor elementor-37\">\n\t\t\t\t<div class=\"elementor-element elementor-element-7426c920 e-flex e-con-boxed e-con e-parent\" data-id=\"7426c920\" data-element_type=\"container\" data-e-type=\"container\" data-settings=\"{&quot;background_background&quot;:&quot;video&quot;,&quot;background_video_link&quot;:&quot;http:\\\/\\\/www.gemarchivio.it\\\/wp-content\\\/uploads\\\/2026\\\/03\\\/Home_GEM_Archivio_Pavia.mp4&quot;,&quot;background_play_on_mobile&quot;:&quot;yes&quot;}\">\n\t\t\t\t\t<div class=\"e-con-inner\">\n\t\t<div class=\"elementor-background-video-container\">\n\t\t\t\t\t\t\t<video class=\"elementor-background-video-hosted\" role=\"presentation\" autoplay muted playsinline loop><\/video>\n\t\t\t\t\t<\/div>\t\t<div class=\"elementor-element elementor-element-3ba68f9 elementor-widget elementor-widget-image\" data-id=\"3ba68f9\" data-element_type=\"widget\" data-e-type=\"widget\" data-widget_type=\"image.default\">\n\t\t\t\t\t\t\t\t\t\t\t\t\t\t\t<img fetchpriority=\"high\" decoding=\"async\" width=\"800\" height=\"876\" src=\"https:\/\/www.gemarchivio.it\/wp-content\/uploads\/2026\/03\/GemArchivio_Logo_A_bianco-935x1024.png\" class=\"attachment-large size-large wp-image-87\" alt=\"\" srcset=\"https:\/\/www.gemarchivio.it\/wp-content\/uploads\/2026\/03\/GemArchivio_Logo_A_bianco-935x1024.png 935w, https:\/\/www.gemarchivio.it\/wp-content\/uploads\/2026\/03\/GemArchivio_Logo_A_bianco-274x300.png 274w, https:\/\/www.gemarchivio.it\/wp-content\/uploads\/2026\/03\/GemArchivio_Logo_A_bianco-768x841.png 768w, https:\/\/www.gemarchivio.it\/wp-content\/uploads\/2026\/03\/GemArchivio_Logo_A_bianco.png 999w\" sizes=\"(max-width: 800px) 100vw, 800px\" \/>\t\t\t\t\t\t\t\t\t\t\t\t\t\t\t<\/div>\n\t\t\t\t<div class=\"elementor-element elementor-element-4a5f01f elementor-widget elementor-widget-heading\" data-id=\"4a5f01f\" data-element_type=\"widget\" data-e-type=\"widget\" data-widget_type=\"heading.default\">\n\t\t\t\t\t<h1 class=\"elementor-heading-title elementor-size-default\">Gem Archivio<\/h1>\t\t\t\t<\/div>\n\t\t\t\t<div class=\"elementor-element elementor-element-4a0fd027 elementor-widget elementor-widget-heading\" data-id=\"4a0fd027\" data-element_type=\"widget\" data-e-type=\"widget\" data-widget_type=\"heading.default\">\n\t\t\t\t\t<h2 class=\"elementor-heading-title elementor-size-default\">Storie e memorie del territorio<\/h2>\t\t\t\t<\/div>\n\t\t\t\t<div class=\"elementor-element elementor-element-def0a0c elementor-widget elementor-widget-text-editor\" data-id=\"def0a0c\" data-element_type=\"widget\" data-e-type=\"widget\" data-widget_type=\"text-editor.default\">\n\t\t\t\t\t\t\t\t\t<p>Raccogliamo e custodiamo le voci della Lomellina e del Pavese per le nuove generazioni<\/p>\t\t\t\t\t\t\t\t<\/div>\n\t\t\t\t<div class=\"elementor-element elementor-element-4b7c188d elementor-align-center elementor-widget elementor-widget-button\" data-id=\"4b7c188d\" data-element_type=\"widget\" data-e-type=\"widget\" data-widget_type=\"button.default\">\n\t\t\t\t\t\t\t\t\t\t<a class=\"elementor-button elementor-button-link elementor-size-sm\" href=\"https:\/\/www.gemarchivio.it\/index.php\/le-voci-del-territorio\/\">\n\t\t\t\t\t\t<span class=\"elementor-button-content-wrapper\">\n\t\t\t\t\t\t\t\t\t<span class=\"elementor-button-text\">Guarda le interviste<\/span>\n\t\t\t\t\t<\/span>\n\t\t\t\t\t<\/a>\n\t\t\t\t\t\t\t\t<\/div>\n\t\t\t\t\t<\/div>\n\t\t\t\t<\/div>\n\t\t<div class=\"elementor-element elementor-element-3034535b e-con-full e-flex e-con e-parent\" data-id=\"3034535b\" data-element_type=\"container\" data-e-type=\"container\">\n\t\t<div class=\"elementor-element elementor-element-6a263b30 e-con-full e-flex e-con e-child\" data-id=\"6a263b30\" data-element_type=\"container\" data-e-type=\"container\">\n\t\t\t\t<div class=\"elementor-element elementor-element-3dc3be0 elementor-widget elementor-widget-heading\" data-id=\"3dc3be0\" data-element_type=\"widget\" data-e-type=\"widget\" data-widget_type=\"heading.default\">\n\t\t\t\t\t<h5 class=\"elementor-heading-title elementor-size-default\">Archivio della GemmAttivit\u00e0<\/h5>\t\t\t\t<\/div>\n\t\t\t\t<div class=\"elementor-element elementor-element-39b4cc8f elementor-widget elementor-widget-heading\" data-id=\"39b4cc8f\" data-element_type=\"widget\" data-e-type=\"widget\" data-widget_type=\"heading.default\">\n\t\t\t\t\t<h2 class=\"elementor-heading-title elementor-size-default\">Il Progetto<\/h2>\t\t\t\t<\/div>\n\t\t\t\t<div class=\"elementor-element elementor-element-c36fe8a elementor-widget elementor-widget-heading\" data-id=\"c36fe8a\" data-element_type=\"widget\" data-e-type=\"widget\" data-widget_type=\"heading.default\">\n\t\t\t\t\t<h5 class=\"elementor-heading-title elementor-size-default\">Archivio formativo e dinamico della generativit\u00e0 e sostenibilit\u00e0 sociale\npavese<\/h5>\t\t\t\t<\/div>\n\t\t\t\t<div class=\"elementor-element elementor-element-6cca1cbf elementor-widget elementor-widget-text-editor\" data-id=\"6cca1cbf\" data-element_type=\"widget\" data-e-type=\"widget\" data-widget_type=\"text-editor.default\">\n\t\t\t\t\t\t\t\t\t<p data-start=\"1404\" data-end=\"1615\">L\u2019<strong data-start=\"1133\" data-end=\"1163\">Archivio della Gemm<\/strong><strong data-start=\"1133\" data-end=\"1163\">Ativit\u00e0<\/strong> \u00e8 un progetto culturale nato con l\u2019obiettivo di raccogliere e valorizzare le testimonianze di<em><strong> imprenditori, agricoltori, artisti e artigiani e studiosi<\/strong><\/em> locali che raccontano la propria esperienza, offrendo uno sguardo diretto sulla storia recente del territorio della <em><strong>Provincia di Pavia.<\/strong><\/em><\/p><p data-start=\"1617\" data-end=\"1820\">Attraverso il racconto diretto delle persone, l\u2019archivio costruisce una <em><strong data-start=\"1689\" data-end=\"1726\">memoria collettiva del territorio<\/strong><\/em>, conservando esperienze, valori e conoscenze che <em><strong>rischierebbero di andare perdute.<\/strong><\/em><\/p>\t\t\t\t\t\t\t\t<\/div>\n\t\t\t\t<div class=\"elementor-element elementor-element-5b473ebf elementor-invisible elementor-widget elementor-widget-button\" data-id=\"5b473ebf\" data-element_type=\"widget\" data-e-type=\"widget\" data-settings=\"{&quot;_animation&quot;:&quot;fadeInDown&quot;}\" data-widget_type=\"button.default\">\n\t\t\t\t\t\t\t\t\t\t<a class=\"elementor-button elementor-button-link elementor-size-sm\" href=\"https:\/\/www.gemarchivio.it\/index.php\/il-progetto\/\">\n\t\t\t\t\t\t<span class=\"elementor-button-content-wrapper\">\n\t\t\t\t\t\t\t\t\t<span class=\"elementor-button-text\">Scopri il progetto<\/span>\n\t\t\t\t\t<\/span>\n\t\t\t\t\t<\/a>\n\t\t\t\t\t\t\t\t<\/div>\n\t\t\t\t<\/div>\n\t\t\t\t<\/div>\n\t\t<div class=\"elementor-element elementor-element-10ab63b e-con-full e-flex e-con e-parent\" data-id=\"10ab63b\" data-element_type=\"container\" data-e-type=\"container\" data-settings=\"{&quot;background_background&quot;:&quot;classic&quot;}\">\n\t\t\t\t<div class=\"elementor-element elementor-element-7a079370 elementor-widget elementor-widget-heading\" data-id=\"7a079370\" data-element_type=\"widget\" data-e-type=\"widget\" data-widget_type=\"heading.default\">\n\t\t\t\t\t<h2 class=\"elementor-heading-title elementor-size-default\">Le Voci del Territorio<\/h2>\t\t\t\t<\/div>\n\t\t\t\t<div class=\"elementor-element elementor-element-2e1099a elementor-widget elementor-widget-text-editor\" data-id=\"2e1099a\" data-element_type=\"widget\" data-e-type=\"widget\" data-widget_type=\"text-editor.default\">\n\t\t\t\t\t\t\t\t\t<p>Il cuore dell\u2019Archivio \u00e8 una serie di video interviste ai protagonisti del territorio, che attraverso il racconto delle loro esperienze restituiscono storie di imprese, comunit\u00e0 e tradizioni locali.<\/p>\t\t\t\t\t\t\t\t<\/div>\n\t\t\t\t<div class=\"elementor-element elementor-element-133fa35 elementor-widget elementor-widget-text-editor\" data-id=\"133fa35\" data-element_type=\"widget\" data-e-type=\"widget\" data-widget_type=\"text-editor.default\">\n\t\t\t\t\t\t\t\t\t<p><em>Video realizzati da Alessandro Capomolla e Alessandro Ogliani con la produzione <a href=\"https:\/\/www.rossofilm.com\/\">ROSSOFILM<\/a><br \/>Interviste a cura di\u00a0 Marta Bonzanini e Talitha\u00a0Maggiori.<br \/>Supervisione autoriale di Simone Zeni\u00a0<br \/>Allestimento dello spazio a cura di Alessandra Alberello Conti e Daniele Carzaniga<br \/><\/em><\/p>\t\t\t\t\t\t\t\t<\/div>\n\t\t\t\t<div class=\"elementor-element elementor-element-00d994f elementor-widget-divider--view-line_icon elementor-view-default elementor-widget-divider--element-align-center elementor-widget elementor-widget-divider\" data-id=\"00d994f\" data-element_type=\"widget\" data-e-type=\"widget\" data-widget_type=\"divider.default\">\n\t\t\t\t\t\t\t<div class=\"elementor-divider\">\n\t\t\t<span class=\"elementor-divider-separator\">\n\t\t\t\t\t\t\t<div class=\"elementor-icon elementor-divider__element\">\n\t\t\t\t\t<svg aria-hidden=\"true\" class=\"e-font-icon-svg e-fas-video\" viewBox=\"0 0 576 512\" xmlns=\"http:\/\/www.w3.org\/2000\/svg\"><path d=\"M336.2 64H47.8C21.4 64 0 85.4 0 111.8v288.4C0 426.6 21.4 448 47.8 448h288.4c26.4 0 47.8-21.4 47.8-47.8V111.8c0-26.4-21.4-47.8-47.8-47.8zm189.4 37.7L416 177.3v157.4l109.6 75.5c21.2 14.6 50.4-.3 50.4-25.8V127.5c0-25.4-29.1-40.4-50.4-25.8z\"><\/path><\/svg><\/div>\n\t\t\t\t\t\t<\/span>\n\t\t<\/div>\n\t\t\t\t\t\t<\/div>\n\t\t\t\t<\/div>\n\t\t<div class=\"elementor-element elementor-element-940a9cb e-flex e-con-boxed e-con e-parent\" data-id=\"940a9cb\" data-element_type=\"container\" data-e-type=\"container\" data-settings=\"{&quot;background_background&quot;:&quot;classic&quot;,&quot;animation&quot;:&quot;none&quot;}\">\n\t\t\t\t\t<div class=\"e-con-inner\">\n\t\t<div class=\"elementor-element elementor-element-9fd0228 e-con-full e-flex elementor-invisible e-con e-child\" data-id=\"9fd0228\" data-element_type=\"container\" data-e-type=\"container\" data-settings=\"{&quot;background_background&quot;:&quot;classic&quot;,&quot;animation&quot;:&quot;fadeInLeft&quot;}\">\n\t\t\t\t<div class=\"elementor-element elementor-element-4f10606 elementor-widget elementor-widget-heading\" data-id=\"4f10606\" data-element_type=\"widget\" data-e-type=\"widget\" data-widget_type=\"heading.default\">\n\t\t\t\t\t<h3 class=\"elementor-heading-title elementor-size-default\"><a href=\"https:\/\/youtu.be\/QJtl_ypvous\">CAMILLO E GIACOMO DAL VERME<\/a><\/h3>\t\t\t\t<\/div>\n\t\t\t\t<div class=\"elementor-element elementor-element-a7c1b3d elementor-widget-divider--view-line elementor-widget elementor-widget-divider\" data-id=\"a7c1b3d\" data-element_type=\"widget\" data-e-type=\"widget\" data-widget_type=\"divider.default\">\n\t\t\t\t\t\t\t<div class=\"elementor-divider\">\n\t\t\t<span class=\"elementor-divider-separator\">\n\t\t\t\t\t\t<\/span>\n\t\t<\/div>\n\t\t\t\t\t\t<\/div>\n\t\t\t\t<div class=\"elementor-element elementor-element-65b5e46 elementor-widget elementor-widget-text-editor\" data-id=\"65b5e46\" data-element_type=\"widget\" data-e-type=\"widget\" data-widget_type=\"text-editor.default\">\n\t\t\t\t\t\t\t\t\t<p>Azienda agricola <br \/>Torre degli Alberi<\/p>\t\t\t\t\t\t\t\t<\/div>\n\t\t\t\t<\/div>\n\t\t<div class=\"elementor-element elementor-element-0bdb9f0 e-con-full e-flex elementor-invisible e-con e-child\" data-id=\"0bdb9f0\" data-element_type=\"container\" data-e-type=\"container\" data-settings=\"{&quot;background_background&quot;:&quot;classic&quot;,&quot;animation&quot;:&quot;fadeInLeft&quot;}\">\n\t\t\t\t<div class=\"elementor-element elementor-element-a525fcc elementor-widget elementor-widget-heading\" data-id=\"a525fcc\" data-element_type=\"widget\" data-e-type=\"widget\" data-widget_type=\"heading.default\">\n\t\t\t\t\t<h3 class=\"elementor-heading-title elementor-size-default\"><a href=\"https:\/\/youtu.be\/LIq9DFm95Nw\">GIANCARLO E GIACOMO BERTELLA<\/a><\/h3>\t\t\t\t<\/div>\n\t\t\t\t<div class=\"elementor-element elementor-element-d51c507 elementor-widget-divider--view-line elementor-widget elementor-widget-divider\" data-id=\"d51c507\" data-element_type=\"widget\" data-e-type=\"widget\" data-widget_type=\"divider.default\">\n\t\t\t\t\t\t\t<div class=\"elementor-divider\">\n\t\t\t<span class=\"elementor-divider-separator\">\n\t\t\t\t\t\t<\/span>\n\t\t<\/div>\n\t\t\t\t\t\t<\/div>\n\t\t\t\t<div class=\"elementor-element elementor-element-84951da elementor-widget elementor-widget-text-editor\" data-id=\"84951da\" data-element_type=\"widget\" data-e-type=\"widget\" data-widget_type=\"text-editor.default\">\n\t\t\t\t\t\t\t\t\t<p>Agriturismo\u00a0<br \/>La Fuga<\/p>\t\t\t\t\t\t\t\t<\/div>\n\t\t\t\t<\/div>\n\t\t<div class=\"elementor-element elementor-element-f07d832 e-con-full e-flex elementor-invisible e-con e-child\" data-id=\"f07d832\" data-element_type=\"container\" data-e-type=\"container\" data-settings=\"{&quot;background_background&quot;:&quot;classic&quot;,&quot;animation&quot;:&quot;fadeInLeft&quot;}\">\n\t\t\t\t<div class=\"elementor-element elementor-element-51c0eb7 elementor-widget elementor-widget-heading\" data-id=\"51c0eb7\" data-element_type=\"widget\" data-e-type=\"widget\" data-widget_type=\"heading.default\">\n\t\t\t\t\t<h3 class=\"elementor-heading-title elementor-size-default\"><a href=\"https:\/\/youtu.be\/3z1V-ztlnKQ\">GIANNI E CARLA LOVA<\/a><\/h3>\t\t\t\t<\/div>\n\t\t\t\t<div class=\"elementor-element elementor-element-67a03bf elementor-widget-divider--view-line elementor-widget elementor-widget-divider\" data-id=\"67a03bf\" data-element_type=\"widget\" data-e-type=\"widget\" data-widget_type=\"divider.default\">\n\t\t\t\t\t\t\t<div class=\"elementor-divider\">\n\t\t\t<span class=\"elementor-divider-separator\">\n\t\t\t\t\t\t<\/span>\n\t\t<\/div>\n\t\t\t\t\t\t<\/div>\n\t\t\t\t<div class=\"elementor-element elementor-element-0e19aa9 elementor-widget elementor-widget-text-editor\" data-id=\"0e19aa9\" data-element_type=\"widget\" data-e-type=\"widget\" data-widget_type=\"text-editor.default\">\n\t\t\t\t\t\t\t\t\t<p>Famiglia Lova <br \/>Cascina malaspina<\/p>\t\t\t\t\t\t\t\t<\/div>\n\t\t\t\t<\/div>\n\t\t<div class=\"elementor-element elementor-element-a79c4bf e-con-full e-flex elementor-invisible e-con e-child\" data-id=\"a79c4bf\" data-element_type=\"container\" data-e-type=\"container\" data-settings=\"{&quot;background_background&quot;:&quot;classic&quot;,&quot;animation&quot;:&quot;fadeInLeft&quot;}\">\n\t\t\t\t<div class=\"elementor-element elementor-element-bed3676 elementor-widget elementor-widget-heading\" data-id=\"bed3676\" data-element_type=\"widget\" data-e-type=\"widget\" data-widget_type=\"heading.default\">\n\t\t\t\t\t<h3 class=\"elementor-heading-title elementor-size-default\"><a href=\"https:\/\/youtu.be\/D4zk3NIS7Lc\">GIULIO GUDERZO<\/a><\/h3>\t\t\t\t<\/div>\n\t\t\t\t<div class=\"elementor-element elementor-element-70f75a5 elementor-widget-divider--view-line elementor-widget elementor-widget-divider\" data-id=\"70f75a5\" data-element_type=\"widget\" data-e-type=\"widget\" data-widget_type=\"divider.default\">\n\t\t\t\t\t\t\t<div class=\"elementor-divider\">\n\t\t\t<span class=\"elementor-divider-separator\">\n\t\t\t\t\t\t<\/span>\n\t\t<\/div>\n\t\t\t\t\t\t<\/div>\n\t\t\t\t<div class=\"elementor-element elementor-element-7f1dc4a elementor-widget elementor-widget-text-editor\" data-id=\"7f1dc4a\" data-element_type=\"widget\" data-e-type=\"widget\" data-widget_type=\"text-editor.default\">\n\t\t\t\t\t\t\t\t\t<p>Storico | Professore emerito &#8211; Universit\u00e0 degli Studi di Pavia<\/p>\t\t\t\t\t\t\t\t<\/div>\n\t\t\t\t<\/div>\n\t\t\t\t\t<\/div>\n\t\t\t\t<\/div>\n\t\t<div class=\"elementor-element elementor-element-ef10946 e-flex e-con-boxed e-con e-parent\" data-id=\"ef10946\" data-element_type=\"container\" data-e-type=\"container\" data-settings=\"{&quot;background_background&quot;:&quot;classic&quot;}\">\n\t\t\t\t\t<div class=\"e-con-inner\">\n\t\t\t\t<div class=\"elementor-element elementor-element-1e6d63a elementor-invisible elementor-widget elementor-widget-button\" data-id=\"1e6d63a\" data-element_type=\"widget\" data-e-type=\"widget\" data-settings=\"{&quot;_animation&quot;:&quot;fadeInDown&quot;}\" data-widget_type=\"button.default\">\n\t\t\t\t\t\t\t\t\t\t<a class=\"elementor-button elementor-button-link elementor-size-sm\" href=\"https:\/\/www.gemarchivio.it\/index.php\/le-voci-del-territorio\/\">\n\t\t\t\t\t\t<span class=\"elementor-button-content-wrapper\">\n\t\t\t\t\t\t\t\t\t<span class=\"elementor-button-text\">Vedi tutte<\/span>\n\t\t\t\t\t<\/span>\n\t\t\t\t\t<\/a>\n\t\t\t\t\t\t\t\t<\/div>\n\t\t\t\t\t<\/div>\n\t\t\t\t<\/div>\n\t\t<div class=\"elementor-element elementor-element-466e6448 e-con-full elementor-hidden-mobile e-flex e-con e-parent\" data-id=\"466e6448\" data-element_type=\"container\" data-e-type=\"container\" data-settings=\"{&quot;background_background&quot;:&quot;classic&quot;}\">\n\t\t<div class=\"elementor-element elementor-element-64baf2cb e-con-full e-flex e-con e-child\" data-id=\"64baf2cb\" data-element_type=\"container\" data-e-type=\"container\">\n\t\t\t\t<div class=\"elementor-element elementor-element-439cd7c4 elementor-widget elementor-widget-heading\" data-id=\"439cd7c4\" data-element_type=\"widget\" data-e-type=\"widget\" data-widget_type=\"heading.default\">\n\t\t\t\t\t<h2 class=\"elementor-heading-title elementor-size-default\">Cascina Malaspina<\/h2>\t\t\t\t<\/div>\n\t\t\t\t<div class=\"elementor-element elementor-element-142f47d elementor-widget elementor-widget-heading\" data-id=\"142f47d\" data-element_type=\"widget\" data-e-type=\"widget\" data-widget_type=\"heading.default\">\n\t\t\t\t\t<h5 class=\"elementor-heading-title elementor-size-default\">Sannazzaro de Burgondi<\/h5>\t\t\t\t<\/div>\n\t\t\t\t<div class=\"elementor-element elementor-element-bfaa58b elementor-widget elementor-widget-text-editor\" data-id=\"bfaa58b\" data-element_type=\"widget\" data-e-type=\"widget\" data-widget_type=\"text-editor.default\">\n\t\t\t\t\t\t\t\t\t<p data-start=\"1092\" data-end=\"1208\">Nel cuore della <strong data-start=\"1108\" data-end=\"1121\">Lomellina<\/strong>, la <strong data-start=\"1126\" data-end=\"1147\">Cascina Malaspina<\/strong> \u00e8 il luogo in cui prende forma l\u2019Archivio.<\/p><p data-start=\"1417\" data-end=\"1651\">Al suo interno trovano posto un piccolo cinema ricavato nella storica <strong data-start=\"1487\" data-end=\"1509\">stalla del vitello<\/strong>, spazi per incontri ed eventi e ambienti pensati per raccontare e condividere le storie, le tradizioni e le esperienze delle comunit\u00e0 locali.<\/p><p>Lo spazio espositivo \u00e8 stato progettato\u00a0 grazie al lavoro di studentesse del <strong>di Laurea triennale di Design degli Interni\u00a0 2023\/24 al Politecnico di Milano:<\/strong><\/p><ul><li data-start=\"1417\" data-end=\"1651\">\u00a0Maria Bologna<\/li><li data-start=\"1417\" data-end=\"1651\">Stefania Calori<\/li><li data-start=\"1417\" data-end=\"1651\">Marta Marangoni<\/li><li data-start=\"1417\" data-end=\"1651\">Greta Rossi Galante<\/li><li data-start=\"1417\" data-end=\"1651\">Alessandra Zappa<\/li><\/ul><p>La cascina \u00e8 stata restituita alla comunit\u00e0 come spazio dedicato alla cultura, alla memoria e alla valorizzazione del territorio.<\/p><p data-start=\"1653\" data-end=\"1891\">La gestione \u00e8 affidata ai <strong data-start=\"1693\" data-end=\"1717\">Ragazzi di Archimede<\/strong>, realt\u00e0 della cooperativa <strong data-start=\"1744\" data-end=\"1758\">Gli Aironi<\/strong> impegnata nella creazione di opportunit\u00e0 di lavoro e percorsi di inclusione per giovani con disabilit\u00e0 o in situazioni di fragilit\u00e0.<\/p>\t\t\t\t\t\t\t\t<\/div>\n\t\t\t\t<div class=\"elementor-element elementor-element-1bd879b0 elementor-invisible elementor-widget elementor-widget-button\" data-id=\"1bd879b0\" data-element_type=\"widget\" data-e-type=\"widget\" data-settings=\"{&quot;_animation&quot;:&quot;fadeInDown&quot;}\" data-widget_type=\"button.default\">\n\t\t\t\t\t\t\t\t\t\t<a class=\"elementor-button elementor-button-link elementor-size-sm\" href=\"https:\/\/www.gemarchivio.it\/index.php\/contatti\/\">\n\t\t\t\t\t\t<span class=\"elementor-button-content-wrapper\">\n\t\t\t\t\t\t\t\t\t<span class=\"elementor-button-text\">Vieni a trovarci<\/span>\n\t\t\t\t\t<\/span>\n\t\t\t\t\t<\/a>\n\t\t\t\t\t\t\t\t<\/div>\n\t\t\t\t<\/div>\n\t\t<div class=\"elementor-element elementor-element-5a16065 e-con-full e-flex e-con e-child\" data-id=\"5a16065\" data-element_type=\"container\" data-e-type=\"container\">\n\t\t\t\t<div class=\"elementor-element elementor-element-15f5d1e1 elementor-widget elementor-widget-image\" data-id=\"15f5d1e1\" data-element_type=\"widget\" data-e-type=\"widget\" data-widget_type=\"image.default\">\n\t\t\t\t\t\t\t\t\t\t\t\t\t\t\t<img decoding=\"async\" width=\"1536\" height=\"1024\" src=\"https:\/\/www.gemarchivio.it\/wp-content\/uploads\/2026\/03\/ChatGPT-Image-16-mar-2026-21_54_39.png\" class=\"attachment-full size-full wp-image-91\" alt=\"\" srcset=\"https:\/\/www.gemarchivio.it\/wp-content\/uploads\/2026\/03\/ChatGPT-Image-16-mar-2026-21_54_39.png 1536w, https:\/\/www.gemarchivio.it\/wp-content\/uploads\/2026\/03\/ChatGPT-Image-16-mar-2026-21_54_39-300x200.png 300w, https:\/\/www.gemarchivio.it\/wp-content\/uploads\/2026\/03\/ChatGPT-Image-16-mar-2026-21_54_39-1024x683.png 1024w, https:\/\/www.gemarchivio.it\/wp-content\/uploads\/2026\/03\/ChatGPT-Image-16-mar-2026-21_54_39-768x512.png 768w\" sizes=\"(max-width: 1536px) 100vw, 1536px\" \/>\t\t\t\t\t\t\t\t\t\t\t\t\t\t\t<\/div>\n\t\t\t\t<\/div>\n\t\t\t\t<\/div>\n\t\t<div class=\"elementor-element elementor-element-9ae3a81 elementor-hidden-desktop elementor-hidden-tablet e-flex e-con-boxed e-con e-parent\" data-id=\"9ae3a81\" data-element_type=\"container\" data-e-type=\"container\" data-settings=\"{&quot;background_background&quot;:&quot;classic&quot;}\">\n\t\t\t\t\t<div class=\"e-con-inner\">\n\t\t\t\t<div class=\"elementor-element elementor-element-a4b6da0 elementor-widget elementor-widget-heading\" data-id=\"a4b6da0\" data-element_type=\"widget\" data-e-type=\"widget\" data-widget_type=\"heading.default\">\n\t\t\t\t\t<h2 class=\"elementor-heading-title elementor-size-default\">Cascina Malaspina<\/h2>\t\t\t\t<\/div>\n\t\t\t\t<div class=\"elementor-element elementor-element-6393b5b elementor-widget elementor-widget-heading\" data-id=\"6393b5b\" data-element_type=\"widget\" data-e-type=\"widget\" data-widget_type=\"heading.default\">\n\t\t\t\t\t<h5 class=\"elementor-heading-title elementor-size-default\">Sannazzaro de Burgondi<\/h5>\t\t\t\t<\/div>\n\t\t\t\t\t<\/div>\n\t\t\t\t<\/div>\n\t\t<div class=\"elementor-element elementor-element-fbac602 e-con-full elementor-hidden-desktop elementor-hidden-tablet e-flex e-con e-parent\" data-id=\"fbac602\" data-element_type=\"container\" data-e-type=\"container\" data-settings=\"{&quot;background_background&quot;:&quot;classic&quot;}\">\n\t\t<div class=\"elementor-element elementor-element-a04efd2 e-con-full e-flex e-con e-child\" data-id=\"a04efd2\" data-element_type=\"container\" data-e-type=\"container\">\n\t\t\t\t<div class=\"elementor-element elementor-element-7309d71 elementor-widget elementor-widget-text-editor\" data-id=\"7309d71\" data-element_type=\"widget\" data-e-type=\"widget\" data-widget_type=\"text-editor.default\">\n\t\t\t\t\t\t\t\t\t<p data-start=\"1092\" data-end=\"1208\">Nel cuore della <strong data-start=\"1108\" data-end=\"1121\">Lomellina<\/strong>, la <strong data-start=\"1126\" data-end=\"1147\">Cascina Malaspina<\/strong> \u00e8 il luogo in cui prende forma l\u2019Archivio.<\/p><p data-start=\"1417\" data-end=\"1651\">Al suo interno trovano posto un piccolo cinema ricavato nella storica <strong data-start=\"1487\" data-end=\"1509\">stalla del vitello<\/strong>, spazi per incontri ed eventi e ambienti pensati per raccontare e condividere le storie, le tradizioni e le esperienze delle comunit\u00e0 locali.<\/p><p>Lo spazio espositivo \u00e8 stato progettato\u00a0 grazie al lavoro di studentesse del <strong>di Laurea triennale di Design degli Interni\u00a0 2023\/24 al Politecnico di Milano:<\/strong><\/p><ul><li data-start=\"1417\" data-end=\"1651\">\u00a0Maria Bologna<\/li><li data-start=\"1417\" data-end=\"1651\">Stefania Calori<\/li><li data-start=\"1417\" data-end=\"1651\">Marta Marangoni<\/li><li data-start=\"1417\" data-end=\"1651\">Greta Rossi Galante<\/li><li data-start=\"1417\" data-end=\"1651\">Alessandra Zappa<\/li><\/ul><p>La cascina \u00e8 stata restituita alla comunit\u00e0 come spazio dedicato alla cultura, alla memoria e alla valorizzazione del territorio.<\/p><p data-start=\"1653\" data-end=\"1891\">La gestione \u00e8 affidata ai <strong data-start=\"1693\" data-end=\"1717\">Ragazzi di Archimede<\/strong>, realt\u00e0 della cooperativa <strong data-start=\"1744\" data-end=\"1758\">Gli Aironi<\/strong> impegnata nella creazione di opportunit\u00e0 di lavoro e percorsi di inclusione per giovani con disabilit\u00e0 o in situazioni di fragilit\u00e0.<\/p>\t\t\t\t\t\t\t\t<\/div>\n\t\t\t\t<div class=\"elementor-element elementor-element-dfb98d9 elementor-invisible elementor-widget elementor-widget-button\" data-id=\"dfb98d9\" data-element_type=\"widget\" data-e-type=\"widget\" data-settings=\"{&quot;_animation&quot;:&quot;fadeInDown&quot;}\" data-widget_type=\"button.default\">\n\t\t\t\t\t\t\t\t\t\t<a class=\"elementor-button elementor-button-link elementor-size-sm\" href=\"https:\/\/www.gemarchivio.it\/index.php\/contatti\/\">\n\t\t\t\t\t\t<span class=\"elementor-button-content-wrapper\">\n\t\t\t\t\t\t\t\t\t<span class=\"elementor-button-text\">Vieni a trovarci<\/span>\n\t\t\t\t\t<\/span>\n\t\t\t\t\t<\/a>\n\t\t\t\t\t\t\t\t<\/div>\n\t\t\t\t<\/div>\n\t\t\t\t<\/div>\n\t\t<div class=\"elementor-element elementor-element-294cc845 e-con-full e-flex e-con e-parent\" data-id=\"294cc845\" data-element_type=\"container\" data-e-type=\"container\" data-settings=\"{&quot;background_background&quot;:&quot;classic&quot;,&quot;shape_divider_top&quot;:&quot;mountains&quot;}\">\n\t\t\t\t<div class=\"elementor-shape elementor-shape-top\" aria-hidden=\"true\" data-negative=\"false\">\n\t\t\t<svg xmlns=\"http:\/\/www.w3.org\/2000\/svg\" viewBox=\"0 0 1000 100\" preserveAspectRatio=\"none\">\n\t<path class=\"elementor-shape-fill\" opacity=\"0.33\" d=\"M473,67.3c-203.9,88.3-263.1-34-320.3,0C66,119.1,0,59.7,0,59.7V0h1000v59.7 c0,0-62.1,26.1-94.9,29.3c-32.8,3.3-62.8-12.3-75.8-22.1C806,49.6,745.3,8.7,694.9,4.7S492.4,59,473,67.3z\"\/>\n\t<path class=\"elementor-shape-fill\" opacity=\"0.66\" d=\"M734,67.3c-45.5,0-77.2-23.2-129.1-39.1c-28.6-8.7-150.3-10.1-254,39.1 s-91.7-34.4-149.2,0C115.7,118.3,0,39.8,0,39.8V0h1000v36.5c0,0-28.2-18.5-92.1-18.5C810.2,18.1,775.7,67.3,734,67.3z\"\/>\n\t<path class=\"elementor-shape-fill\" d=\"M766.1,28.9c-200-57.5-266,65.5-395.1,19.5C242,1.8,242,5.4,184.8,20.6C128,35.8,132.3,44.9,89.9,52.5C28.6,63.7,0,0,0,0 h1000c0,0-9.9,40.9-83.6,48.1S829.6,47,766.1,28.9z\"\/>\n<\/svg>\t\t<\/div>\n\t\t\t\t<div class=\"elementor-element elementor-element-5358ca67 elementor-widget elementor-widget-heading\" data-id=\"5358ca67\" data-element_type=\"widget\" data-e-type=\"widget\" data-widget_type=\"heading.default\">\n\t\t\t\t\t<h3 class=\"elementor-heading-title elementor-size-default\">Chi ha reso possibile il progetto<\/h3>\t\t\t\t<\/div>\n\t\t\t\t<div class=\"elementor-element elementor-element-99ac775 elementor-widget elementor-widget-text-editor\" data-id=\"99ac775\" data-element_type=\"widget\" data-e-type=\"widget\" data-widget_type=\"text-editor.default\">\n\t\t\t\t\t\t\t\t\t<p>Il progetto \u00e8 promosso dalla Cooperativa Sociale <a href=\"https:\/\/www.coopgliaironi.it\/\">Gli Aironi<\/a>. Realizzato grazie al <a href=\"https:\/\/www.progettosolepavia.it\/archivio-della-generativita\/\">Progetto Sole<\/a>, con il contributo di <a href=\"https:\/\/www.fondazionecariplo.it\/\">Fondazione Cariplo<\/a> e <a href=\"https:\/\/www.fondazionepv.it\/\">Fondazione Comunitaria<\/a> della Provincia di Pavia.<br \/><br \/>La regia delle interviste \u00e8 stata fatta dalla casa cinematografica <a href=\"https:\/\/www.rossofilm.com\/\">Rosso Film<\/a>.<\/p><p>\u00a0<\/p>\t\t\t\t\t\t\t\t<\/div>\n\t\t<div class=\"elementor-element elementor-element-ce16ff3 e-flex e-con-boxed e-con e-child\" data-id=\"ce16ff3\" data-element_type=\"container\" data-e-type=\"container\">\n\t\t\t\t\t<div class=\"e-con-inner\">\n\t\t\t\t<div class=\"elementor-element elementor-element-151f62bb elementor-widget elementor-widget-image-carousel\" data-id=\"151f62bb\" data-element_type=\"widget\" data-e-type=\"widget\" data-settings=\"{&quot;slides_to_show&quot;:&quot;5&quot;,&quot;slides_to_show_tablet&quot;:&quot;3&quot;,&quot;navigation&quot;:&quot;none&quot;,&quot;pause_on_hover&quot;:&quot;no&quot;,&quot;pause_on_interaction&quot;:&quot;no&quot;,&quot;image_spacing_custom&quot;:{&quot;unit&quot;:&quot;px&quot;,&quot;size&quot;:40,&quot;sizes&quot;:[]},&quot;slides_to_scroll_tablet&quot;:&quot;1&quot;,&quot;slides_to_show_mobile&quot;:&quot;3&quot;,&quot;autoplay_speed&quot;:2000,&quot;autoplay&quot;:&quot;yes&quot;,&quot;infinite&quot;:&quot;yes&quot;,&quot;speed&quot;:500,&quot;image_spacing_custom_tablet&quot;:{&quot;unit&quot;:&quot;px&quot;,&quot;size&quot;:&quot;&quot;,&quot;sizes&quot;:[]},&quot;image_spacing_custom_mobile&quot;:{&quot;unit&quot;:&quot;px&quot;,&quot;size&quot;:&quot;&quot;,&quot;sizes&quot;:[]}}\" data-widget_type=\"image-carousel.default\">\n\t\t\t\t\t\t\t<div class=\"elementor-image-carousel-wrapper swiper\" role=\"region\" aria-roledescription=\"carousel\" aria-label=\"Carosello d&#039;immagini\" dir=\"ltr\">\n\t\t\t<div class=\"elementor-image-carousel swiper-wrapper\" aria-live=\"off\">\n\t\t\t\t\t\t\t\t<div class=\"swiper-slide\" role=\"group\" aria-roledescription=\"slide\" aria-label=\"1 di 5\"><figure class=\"swiper-slide-inner\"><img decoding=\"async\" class=\"swiper-slide-image\" src=\"https:\/\/www.gemarchivio.it\/wp-content\/uploads\/2026\/03\/Gli_Aironi_GemArchivio-1-768x768.png\" alt=\"Gli_Aironi_GemArchivio\" \/><\/figure><\/div><div class=\"swiper-slide\" role=\"group\" aria-roledescription=\"slide\" aria-label=\"2 di 5\"><figure class=\"swiper-slide-inner\"><img decoding=\"async\" class=\"swiper-slide-image\" src=\"https:\/\/www.gemarchivio.it\/wp-content\/uploads\/2026\/03\/Sole_Pavia_GemArchivio-1-768x768.png\" alt=\"Sole_Pavia_GemArchivio\" \/><\/figure><\/div><div class=\"swiper-slide\" role=\"group\" aria-roledescription=\"slide\" aria-label=\"3 di 5\"><figure class=\"swiper-slide-inner\"><img decoding=\"async\" class=\"swiper-slide-image\" src=\"https:\/\/www.gemarchivio.it\/wp-content\/uploads\/2026\/03\/Rosso_Film_GemArchivio-768x768.png\" alt=\"Rosso_Film_GemArchivio\" \/><\/figure><\/div><div class=\"swiper-slide\" role=\"group\" aria-roledescription=\"slide\" aria-label=\"4 di 5\"><figure class=\"swiper-slide-inner\"><img decoding=\"async\" class=\"swiper-slide-image\" src=\"https:\/\/www.gemarchivio.it\/wp-content\/uploads\/2026\/03\/Fondazione_Cariplo_GemArchivio-768x768.png\" alt=\"Fondazione_Cariplo_GemArchivio\" \/><\/figure><\/div><div class=\"swiper-slide\" role=\"group\" aria-roledescription=\"slide\" aria-label=\"5 di 5\"><figure class=\"swiper-slide-inner\"><img decoding=\"async\" class=\"swiper-slide-image\" src=\"https:\/\/www.gemarchivio.it\/wp-content\/uploads\/2026\/03\/Fondazione_Comunitaria_GemArchivio-1-768x768.png\" alt=\"https:\/\/www.fondazionepv.it\/\" \/><\/figure><\/div>\t\t\t<\/div>\n\t\t\t\t\t\t\t\n\t\t\t\t\t\t\t\t\t<\/div>\n\t\t\t\t\t\t<\/div>\n\t\t\t\t\t<\/div>\n\t\t\t\t<\/div>\n\t\t\t\t<\/div>\n\t\t\t\t<\/div>\n\t\t","protected":false},"excerpt":{"rendered":"<p>Gem Archivio Storie e memorie del territorio Raccogliamo e custodiamo le voci della Lomellina e del Pavese per le nuove generazioni Guarda le interviste Archivio della GemmAttivit\u00e0 Il Progetto Archivio formativo e dinamico della generativit\u00e0 e sostenibilit\u00e0 sociale pavese L\u2019Archivio della GemmAtivit\u00e0 \u00e8 un progetto culturale nato con l\u2019obiettivo di raccogliere e valorizzare le testimonianze [&hellip;]<\/p>\n","protected":false},"author":2,"featured_media":0,"parent":0,"menu_order":0,"comment_status":"closed","ping_status":"closed","template":"elementor_header_footer","meta":{"footnotes":""},"class_list":["post-37","page","type-page","status-publish","hentry"],"_links":{"self":[{"href":"https:\/\/www.gemarchivio.it\/index.php\/wp-json\/wp\/v2\/pages\/37","targetHints":{"allow":["GET"]}}],"collection":[{"href":"https:\/\/www.gemarchivio.it\/index.php\/wp-json\/wp\/v2\/pages"}],"about":[{"href":"https:\/\/www.gemarchivio.it\/index.php\/wp-json\/wp\/v2\/types\/page"}],"author":[{"embeddable":true,"href":"https:\/\/www.gemarchivio.it\/index.php\/wp-json\/wp\/v2\/users\/2"}],"replies":[{"embeddable":true,"href":"https:\/\/www.gemarchivio.it\/index.php\/wp-json\/wp\/v2\/comments?post=37"}],"version-history":[{"count":133,"href":"https:\/\/www.gemarchivio.it\/index.php\/wp-json\/wp\/v2\/pages\/37\/revisions"}],"predecessor-version":[{"id":568,"href":"https:\/\/www.gemarchivio.it\/index.php\/wp-json\/wp\/v2\/pages\/37\/revisions\/568"}],"wp:attachment":[{"href":"https:\/\/www.gemarchivio.it\/index.php\/wp-json\/wp\/v2\/media?parent=37"}],"curies":[{"name":"wp","href":"https:\/\/api.w.org\/{rel}","templated":true}]}}